{"id":137,"date":"2023-03-28T21:57:03","date_gmt":"2023-03-28T19:57:03","guid":{"rendered":"https:\/\/mitthjarta.se\/?page_id=137"},"modified":"2026-01-27T14:06:00","modified_gmt":"2026-01-27T13:06:00","slug":"nyheter","status":"publish","type":"page","link":"https:\/\/mitthjarta.se\/","title":{"rendered":"Nyheter"},"content":{"rendered":"\n<h3 class=\"wp-block-heading\">Anna kommer ut med boken Barnresan som aldrig tog slut i febr 2026<\/h3>\n\n\n\n<figure class=\"wp-block-image size-full\"><img decoding=\"async\" loading=\"lazy\" width=\"1600\" height=\"1066\" src=\"https:\/\/mitthjarta.se\/wp-content\/uploads\/2026\/01\/f3d227e7-4c35-48af-bca9-ea777d7511dd-Boken-utseende-1.jpeg\" alt=\"\" class=\"wp-image-4041\" srcset=\"https:\/\/mitthjarta.se\/wp-content\/uploads\/2026\/01\/f3d227e7-4c35-48af-bca9-ea777d7511dd-Boken-utseende-1.jpeg 1600w, https:\/\/mitthjarta.se\/wp-content\/uploads\/2026\/01\/f3d227e7-4c35-48af-bca9-ea777d7511dd-Boken-utseende-1-300x200.jpeg 300w, https:\/\/mitthjarta.se\/wp-content\/uploads\/2026\/01\/f3d227e7-4c35-48af-bca9-ea777d7511dd-Boken-utseende-1-768x512.jpeg 768w, https:\/\/mitthjarta.se\/wp-content\/uploads\/2026\/01\/f3d227e7-4c35-48af-bca9-ea777d7511dd-Boken-utseende-1-1536x1023.jpeg 1536w\" sizes=\"(max-width: 1600px) 100vw, 1600px\" \/><\/figure>\n\n\n\n<h2 class=\"wp-block-heading\">Annabels Super Duperk\u00e4r spelas f\u00f6r fullt p\u00e5 Spotify<\/h2>\n\n\n\n<p>Spotify: <a href=\"https:\/\/open.spotify.com\/artist\/6odZawmrohyeR6Ktf0fWwG\">https:\/\/open.spotify.com\/artist\/6odZawmrohyeR6Ktf0fWwG<\/a><\/p>\n\n\n\n<p>Annabel verifierad artist p\u00e5 Spotify <a href=\"https:\/\/open.spotify.com\/artist\/6odZawmrohyeR6Ktf0fWwG\">https:\/\/open.spotify.com\/artist\/6odZawmrohyeR6Ktf0fWwG<\/a><\/p>\n\n\n\n<h2 class=\"wp-block-heading\">Vad g\u00f6r Klara p\u00e5 andra sidan Atlanten?<\/h2>\n\n\n\n<p>Mic Drop vad \u00e4r det <a href=\"https:\/\/www.svtplay.se\/klara-mic-drop\">https:\/\/www.svtplay.se\/klara-mic-drop<\/a><\/p>\n\n\n\n<h2 class=\"wp-block-heading\"><strong>Adam sl\u00e4pper F\u00d6RG\u00c4TMIGEJ<\/strong> som finns p\u00e5 Spotify<\/h2>\n\n\n\n<p><a href=\"https:\/\/open.spotify.com\/embed\/artist\/2qZthU4VE9HiOAw5aOZHjk?utm_source=generator\">https:\/\/open.spotify.com\/embed\/artist\/2qZthU4VE9HiOAw5aOZHjk?utm_source=generator<\/a><\/p>\n\n\n\n<figure class=\"wp-block-embed is-type-rich is-provider-spotify wp-block-embed-spotify wp-embed-aspect-21-9 wp-has-aspect-ratio\"><div class=\"wp-block-embed__wrapper\">\n<iframe title=\"Spotify Embed: Adam Hammarstr\u00f6m\" style=\"border-radius: 12px\" width=\"100%\" height=\"352\" frameborder=\"0\" allowfullscreen allow=\"autoplay; clipboard-write; encrypted-media; fullscreen; picture-in-picture\" loading=\"lazy\" src=\"https:\/\/open.spotify.com\/embed\/artist\/2qZthU4VE9HiOAw5aOZHjk?si=iYyxBlwIRzOevsapmWHjvg&amp;utm_source=oembed\"><\/iframe>\n<\/div><\/figure>\n\n\n\n<figure class=\"wp-block-image size-full is-resized\"><img decoding=\"async\" loading=\"lazy\" src=\"https:\/\/mitthjarta.se\/wp-content\/uploads\/2024\/05\/IMG_2708.jpeg\" alt=\"\" class=\"wp-image-3937\" width=\"1021\" height=\"1276\" srcset=\"https:\/\/mitthjarta.se\/wp-content\/uploads\/2024\/05\/IMG_2708.jpeg 1440w, https:\/\/mitthjarta.se\/wp-content\/uploads\/2024\/05\/IMG_2708-240x300.jpeg 240w, https:\/\/mitthjarta.se\/wp-content\/uploads\/2024\/05\/IMG_2708-768x960.jpeg 768w, https:\/\/mitthjarta.se\/wp-content\/uploads\/2024\/05\/IMG_2708-1229x1536.jpeg 1229w\" sizes=\"(max-width: 1021px) 100vw, 1021px\" \/><figcaption class=\"wp-element-caption\">Klara kommer med ny musik, f\u00f6rst ut \u00e4r <a href=\"https:\/\/l.facebook.com\/l.php?u=https%3A%2F%2Fpopmuzik.se%2F171437%2Fklara-hammarstrom-mad%2F%3Ffbclid%3DIwZXh0bgNhZW0CMTAAAR0jU2f6zwr4kRsLtBxw3PBrmcx0Vw20G537IVrCPWQbDHkTMSDl_qMPY2w_aem_AQSuRn-_-RgxVGU8wLKXBv5ll1D7MEaIFYzo_S3hqhiW4db6zdtesBeWQQsR6S00-XlpusH3Oea2YCQfa2mPG39y&amp;h=AT0gnmfAzz2pV9Ojk0033a-Ytz218lkYjPHBVu6MYT5F-y9zczwB4bQVspGOdewbbRyiFgNH07p9qa2Bjm5rXARxtdUG1tNZA0ndMqmjTHJvsH3ZOyxhLXA9fB8ASnak2RfP&amp;__tn__=-UK-R&amp;c[0]=AT0aug5pe8dpeXhlIfecLd_mcCyn5FiqJ8LgyB6A12rhq6y4ysUhuWsc96D8rMtx9Z2GnsJI5mzDzp6cJKnjNe_5u3tu9xFXGgRDfkK_9xi7R7iTjjXhZ-CJFQ6MQLdkhp6XKnU38i764Jjq_xiwcAxobrgoh41h3MujS0zolPRLusWpx_-Z-b5yBkide4O_QdPVXKbRpVg\"><strong>MAD<\/strong><\/a>. G\u00e5 in och<a href=\"https:\/\/open.spotify.com\/album\/5PJgYBYCnGDjXfLhwN3CHq\"><strong> lyssna p\u00e5 Spotify<\/strong><\/a><\/figcaption><\/figure>\n\n\n\n<p class=\"has-text-align-center\"><strong>Nu har vi startat den barnpsykiatriska mottagningen p\u00e5 Lorensdal<\/strong><\/p>\n\n\n\n<p>P\u00e5 mottagningen arbetar Christina H\u00f6gstr\u00f6m, specialistl\u00e4kare inom barn- och ungdomspsykiatri och Angelica Sj\u00f6gren, specialistutbildad sjuksk\u00f6terska med KBT steg 1 utbildning. Vi har ocks\u00e5 flera psykologer som kommer att arbeta med oss p\u00e5 konsultuppdrag och som d\u00e5 huvudsakligen medverkar vid utredningar. Vi har samtliga l\u00e5ng erfarenhet av arbete inom barn- och ungdomspsykiatri och m\u00e5nar starkt om kvalitet, att anv\u00e4nda evidensbaserade behandlingsmetoder, delaktighet och patients\u00e4kerhet. <strong>Telefon till mottagningen \u00e4r: 070-3830000<\/strong> och vi n\u00e5s p\u00e5 mail: <strong>bou@mitthjarta.se<\/strong>.<\/p>\n\n\n\n<p><a href=\"https:\/\/barnochunga.com\/\"><strong>L\u00e4s vidare p\u00e5 Barn och Ungas hemsida: https:\/\/barnochunga.com\/<\/strong><\/a><\/p>\n\n\n\n<div class=\"wp-block-group is-layout-constrained\"><div class=\"wp-block-group__inner-container\">\n<figure class=\"wp-block-gallery alignleft has-nested-images columns-default is-cropped wp-block-gallery-1 is-layout-flex\">\n<figure class=\"wp-block-image size-large is-style-rounded\"><img decoding=\"async\" src=\"https:\/\/mitthjartahalsa.se\/wp-content\/uploads\/2023\/12\/Christina-2-904x1024.jpeg\" alt=\"\" class=\"wp-image-1482\"\/><figcaption class=\"wp-element-caption\">Christina<\/figcaption><\/figure>\n\n\n\n<figure class=\"wp-block-image size-large is-style-rounded\"><img decoding=\"async\" src=\"https:\/\/mitthjartahalsa.se\/wp-content\/uploads\/2023\/12\/Angelica-2-1024x901.jpeg\" alt=\"\" class=\"wp-image-1484\"\/><figcaption class=\"wp-element-caption\">Angelica<\/figcaption><\/figure>\n<\/figure>\n<\/div><\/div>\n\n\n\n<p>Vi har barnet\/ungdomen\/den unga vuxna i fokus och l\u00e4gger stor vikt vid bem\u00f6tandet och erbjuder d\u00e4rf\u00f6r fr\u00e4mst fysiska bes\u00f6k, med m\u00f6jlighet till digitala l\u00f6sningar vid behov.<\/p>\n\n\n\n<p>Barnpsykiatriker Christina H\u00f6gstr\u00f6m kan n\u00e5s via <strong><a href=\"https:\/\/blagardenlakartjanst.se\/\">Bl\u00e5 G\u00e5rden<\/a><\/strong>. F\u00f6r ytterligare information maila: <a href=\"mailto:christina@blagardenkonsulttjanst.se\"><strong>christina@blagardenkonsulttjanst.se<\/strong><\/a>. <\/p>\n\n\n\n<p>Det g\u00e5r \u00e4ven att kontakta Anna Hammarstr\u00f6m 070-2401000 eller maila p\u00e5 anna@mitthjarta.se.<\/p>\n\n\n\n<p><\/p>\n\n\n\n<p>       <\/p>\n\n\n\n<p><\/p>\n\n\n\n<p><\/p>\n\n\n<div class=\"wp-block-image\">\n<figure class=\"aligncenter size-full\"><img decoding=\"async\" loading=\"lazy\" width=\"1640\" height=\"1082\" src=\"https:\/\/mitthjarta.se\/wp-content\/uploads\/2023\/05\/Signering-Lorendal-14-mars-2023-nr-3.jpeg\" alt=\"\" class=\"wp-image-3493\" srcset=\"https:\/\/mitthjarta.se\/wp-content\/uploads\/2023\/05\/Signering-Lorendal-14-mars-2023-nr-3.jpeg 1640w, https:\/\/mitthjarta.se\/wp-content\/uploads\/2023\/05\/Signering-Lorendal-14-mars-2023-nr-3-300x198.jpeg 300w, https:\/\/mitthjarta.se\/wp-content\/uploads\/2023\/05\/Signering-Lorendal-14-mars-2023-nr-3-768x507.jpeg 768w, https:\/\/mitthjarta.se\/wp-content\/uploads\/2023\/05\/Signering-Lorendal-14-mars-2023-nr-3-1536x1013.jpeg 1536w\" sizes=\"(max-width: 1640px) 100vw, 1640px\" \/><figcaption class=\"wp-element-caption\"><strong>Henning Persson F\u00f6rvaltning AB s\u00e4ljer Lorensdal till Mitt Hj\u00e4rta<\/strong><\/figcaption><\/figure><\/div>\n\n\n<p class=\"has-text-align-center\">Hej!<br>Som vi tidigare har ber\u00e4ttat s\u00e5 \u00e4r v\u00e5r avsikt att s\u00e4lja Lorensdal. Det \u00e4r ett<br>f\u00f6retagsbeslut som ber\u00f6r en st\u00f6rre del av v\u00e5r f\u00f6rvaltning.&nbsp;<br>Vi tog \u00f6ver g\u00e5rden i maj 2008 och oktober 2009 stod allting klart. Mycket har skett<br>under \u00e5rens lopp och det har varit ett sp\u00e4nnande och rolig projekt att f\u00f6rvandla<br>h\u00e4stg\u00e5rden till vad den \u00e4r idag. Det k\u00e4nns bra att f\u00e5 l\u00e4mna \u00f6ver till n\u00e5gon annan som<br>kan forts\u00e4tta att utveckla Lorensdal och vi k\u00e4nner nu att vi hittat r\u00e4tt k\u00f6pare.<br>Det \u00e4r Anna och Eskil Hammarstr\u00f6m som kommer att driva verksamheten vidare p\u00e5<br>ett s\u00e4tt vi tror kommer att bli mycket bra. Dom nya \u00e4garna k\u00f6per aktierna i<br>Kreativitusen AB, k\u00f6pet kommer inte p\u00e5verka ert hyresf\u00f6rh\u00e5llande. Sj\u00e4lva<br>\u00f6vertagandet blir senast den 3 maj.<br>Tack f\u00f6r alla dessa h\u00e4rliga 15 \u00e5r d\u00e4r det finns s\u00e5 m\u00e5nga fina minnen att t\u00e4nka<br>tillbaka p\u00e5 &#8211; Lorensdal \u00e4r en h\u00e4rlig plats p\u00e5 jorden!&nbsp;<br>H\u00e4lsningar Max Ralman<br>Maria Ralman, Malin Ralman<br>Henning Persson F\u00f6rvaltnings AB<br>Vi \u00f6nskar de nya \u00e4garna all lycka till.<\/p>\n\n\n\n<p class=\"has-text-align-center\">F\u00f6r snart sju \u00e5r sedan flyttade vi, Anna och Eskil Hammarstr\u00f6m med v\u00e5ra m\u00e5nga<br>barn, h\u00e4star och f\u00f6retag, fr\u00e5n H\u00e4lsingland till Sk\u00e5ne d\u00e4r vi bosatte oss i H\u00f6llviken och<br>byggde upp en h\u00e4stanl\u00e4ggning i Vellinge. Vi \u00e4r b\u00e5da l\u00e4kare och har under snart 20<br>\u00e5r byggt privat sjukv\u00e5rd inom v\u00e5ra f\u00f6retag Mitt Hj\u00e4rta. Vi b\u00f6rjade inom omr\u00e5det hj\u00e4rt-<br>och k\u00e4rlsjukdomar d\u00e4r Eskil har sin specialitet, men vi har \u00e4ven drivit v\u00e5rdcentraler,<br>specialistsjukv\u00e5rd inom m\u00e5nga omr\u00e5den och ett sjukhus.<br>Till Sk\u00e5ne kom vi inte minst p\u00e5 grund av h\u00e4starna och t\u00e4vlingsverksamheten inom<br>hoppning, d\u00e4r resorna fr\u00e5n H\u00e4lsingland blev alltf\u00f6r l\u00e5nga. I slutet av f\u00f6rra \u00e5ret s\u00e5lde<br>vi v\u00e5r sista v\u00e5rdcentral norr\u00f6ver och b\u00f6rjade d\u00e5 se oss omkring efter ett nytt<br>verksamhetsst\u00e4lle i Sk\u00e5ne. Det k\u00e4ndes som om det var meningen n\u00e4r vi hittade<br>fantastiska Lorensdal, som dessutom ligger i Eskilstorp!<br>Vi \u00e4r glada och tacksamma \u00f6ver att f\u00e5 m\u00f6jligheten att ta \u00f6ver detta underbara st\u00e4lle<br>som Malin, Maria och Max byggt upp med stort hj\u00e4rta och mycket k\u00e4rlek. Vi vill<br>forts\u00e4tta att f\u00f6rvalta Lorensdal med respekt f\u00f6r dess historia och unika kvaliteter. S\u00e5<br>sm\u00e5ningom kommer vi ocks\u00e5 att bidra med h\u00e4lsoinriktade verksamheter, men det f\u00e5r<br>visa sig fram\u00e5t. Vi gl\u00e4der oss ocks\u00e5 \u00e5t att f\u00e5 l\u00e4ra k\u00e4nna er alla som bedriver<br>verksamheter h\u00e4r och att f\u00e5 njuta av den vackra omgivningen nu n\u00e4r v\u00e5ren n\u00e4rmar<br>sig.<br>H\u00e4lsningar Anna och Eskil<\/p>\n\n\n<div class=\"wp-block-image\">\n<figure class=\"aligncenter size-full is-resized\"><a href=\"https:\/\/www.facebook.com\/gamlavellinge\/posts\/954878134682897\/\"><img decoding=\"async\" loading=\"lazy\" src=\"https:\/\/mitthjarta.se\/wp-content\/uploads\/2023\/05\/image0.jpeg\" alt=\"\" class=\"wp-image-3487\" width=\"824\" height=\"333\" srcset=\"https:\/\/mitthjarta.se\/wp-content\/uploads\/2023\/05\/image0.jpeg 2121w, https:\/\/mitthjarta.se\/wp-content\/uploads\/2023\/05\/image0-300x121.jpeg 300w, https:\/\/mitthjarta.se\/wp-content\/uploads\/2023\/05\/image0-768x311.jpeg 768w, https:\/\/mitthjarta.se\/wp-content\/uploads\/2023\/05\/image0-1536x621.jpeg 1536w, https:\/\/mitthjarta.se\/wp-content\/uploads\/2023\/05\/image0-2048x828.jpeg 2048w\" sizes=\"(max-width: 824px) 100vw, 824px\" \/><\/a><figcaption class=\"wp-element-caption\">Lorensdal fr\u00e5n f\u00f6rr i v\u00e4rlden, observera jordm\u00e5nen med svartmylla p\u00e5 lerbotten. Travh\u00e4sten var ingen mindre \u00e4n Bullwark, <a href=\"https:\/\/www.facebook.com\/gamlavellinge\/posts\/954878134682897\/\">se <strong>facebooksida<\/strong><\/a> och <strong><a href=\"https:\/\/travmuseet.com\/hall-of-fame\/bulwark\/\">uppstallningen p\u00e5 Lorensdal<\/a>.<\/strong><\/figcaption><\/figure><\/div>\n\n<div class=\"wp-block-image\">\n<figure class=\"aligncenter size-full is-resized\"><img decoding=\"async\" loading=\"lazy\" src=\"https:\/\/mitthjarta.se\/wp-content\/uploads\/2023\/09\/IMG_9868-1915.jpeg\" alt=\"\" class=\"wp-image-3778\" width=\"1018\" height=\"763\" srcset=\"https:\/\/mitthjarta.se\/wp-content\/uploads\/2023\/09\/IMG_9868-1915.jpeg 2048w, https:\/\/mitthjarta.se\/wp-content\/uploads\/2023\/09\/IMG_9868-1915-300x225.jpeg 300w, https:\/\/mitthjarta.se\/wp-content\/uploads\/2023\/09\/IMG_9868-1915-768x576.jpeg 768w, https:\/\/mitthjarta.se\/wp-content\/uploads\/2023\/09\/IMG_9868-1915-1536x1152.jpeg 1536w, https:\/\/mitthjarta.se\/wp-content\/uploads\/2023\/09\/IMG_9868-1915-730x547.jpeg 730w, https:\/\/mitthjarta.se\/wp-content\/uploads\/2023\/09\/IMG_9868-1915-666x500.jpeg 666w\" sizes=\"(max-width: 1018px) 100vw, 1018px\" \/><figcaption class=\"wp-element-caption\">Karta fr\u00e5n 1915 \u00f6ver Vellinge med Lorensdal. Vem var den d\u00e4r Lorens och vem var Eskil?<\/figcaption><\/figure><\/div>\n\n<div class=\"wp-block-image\">\n<figure class=\"aligncenter size-full\"><img decoding=\"async\" loading=\"lazy\" width=\"2048\" height=\"1500\" src=\"https:\/\/mitthjarta.se\/wp-content\/uploads\/2023\/03\/Lorensdal-Hemsida-2690-\u00d7-1992-px-1-2048x1517-1.jpg\" alt=\"\" class=\"wp-image-145\" srcset=\"https:\/\/mitthjarta.se\/wp-content\/uploads\/2023\/03\/Lorensdal-Hemsida-2690-\u00d7-1992-px-1-2048x1517-1.jpg 2048w, https:\/\/mitthjarta.se\/wp-content\/uploads\/2023\/03\/Lorensdal-Hemsida-2690-\u00d7-1992-px-1-2048x1517-1-300x220.jpg 300w, https:\/\/mitthjarta.se\/wp-content\/uploads\/2023\/03\/Lorensdal-Hemsida-2690-\u00d7-1992-px-1-2048x1517-1-768x563.jpg 768w, https:\/\/mitthjarta.se\/wp-content\/uploads\/2023\/03\/Lorensdal-Hemsida-2690-\u00d7-1992-px-1-2048x1517-1-1536x1125.jpg 1536w\" sizes=\"(max-width: 2048px) 100vw, 2048px\" \/><\/figure><\/div>\n\n\n<p>Under v\u00e5ren 2023 har vi f\u00f6rhandlat om att f\u00e5 k\u00f6pa<strong>&nbsp;<a href=\"https:\/\/www.lorensdal.se\/\">Lorensdal i Vellinge<\/a><\/strong>. Det \u00e4r en gammal Sk\u00e5neg\u00e5rd som med k\u00e4nsla har omvandlats till en m\u00f6tesplats med kontorsplatser, restaurang, butik och konferens\/festlokal. Tilltr\u00e4det \u00e4r planerat till 2 maj 2023. D\u00e4r kommer vi fortsatt f\u00f6rvalta verksamheterna i linje med f\u00f6rra \u00e4garna och med tiden etablera v\u00e5rt h\u00e4lsokoncept i f\u00f6retagslokalerna. Se vidare p\u00e5<strong>&nbsp;<a href=\"https:\/\/www.facebook.com\/lorensdal\/?locale=sv_SE\">Facebook<\/a><\/strong>.&nbsp;F\u00f6rs\u00e4ljningen har sk\u00f6tts av<strong>&nbsp;<a href=\"https:\/\/www.skanegardar.se\/lorensdal-vellinge\/\">Sk\u00e5neg\u00e5rdar<\/a><\/strong> och har uppm\u00e4rksammats i <a href=\"https:\/\/www.sydsvenskan.se\/sok?query=lorensdal\"><strong>Sydsvenskan<\/strong><\/a>.<\/p>\n\n\n\n<figure class=\"wp-block-image\"><img decoding=\"async\" src=\"https:\/\/mitthjartahalsa.se\/wp-content\/uploads\/2023\/03\/Signering-Lorendal-14-mars-2023-nr-4.jpeg\" alt=\"\" class=\"wp-image-660\"\/><figcaption class=\"wp-element-caption\">Signerat kontrakt den 14 mars med systrarna Malin och Maria Ralman<\/figcaption><\/figure>\n\n\n","protected":false},"excerpt":{"rendered":"<p>Anna kommer ut med boken Barnresan som aldrig tog slut i febr 2026 Annabels Super Duperk\u00e4r spelas f\u00f6r fullt p\u00e5 &hellip; <a href=\"https:\/\/mitthjarta.se\/\" class=\"more-link\"><span class=\"more-button\">Om oss<span class=\"screen-reader-text\">Nyheter<\/span><\/span><\/a><\/p>\n","protected":false},"author":1,"featured_media":0,"parent":0,"menu_order":0,"comment_status":"closed","ping_status":"closed","template":"","meta":[],"_links":{"self":[{"href":"https:\/\/mitthjarta.se\/index.php?rest_route=\/wp\/v2\/pages\/137"}],"collection":[{"href":"https:\/\/mitthjarta.se\/index.php?rest_route=\/wp\/v2\/pages"}],"about":[{"href":"https:\/\/mitthjarta.se\/index.php?rest_route=\/wp\/v2\/types\/page"}],"author":[{"embeddable":true,"href":"https:\/\/mitthjarta.se\/index.php?rest_route=\/wp\/v2\/users\/1"}],"replies":[{"embeddable":true,"href":"https:\/\/mitthjarta.se\/index.php?rest_route=%2Fwp%2Fv2%2Fcomments&post=137"}],"version-history":[{"count":44,"href":"https:\/\/mitthjarta.se\/index.php?rest_route=\/wp\/v2\/pages\/137\/revisions"}],"predecessor-version":[{"id":4047,"href":"https:\/\/mitthjarta.se\/index.php?rest_route=\/wp\/v2\/pages\/137\/revisions\/4047"}],"wp:attachment":[{"href":"https:\/\/mitthjarta.se\/index.php?rest_route=%2Fwp%2Fv2%2Fmedia&parent=137"}],"curies":[{"name":"wp","href":"https:\/\/api.w.org\/{rel}","templated":true}]}}